{"id":70,"date":"2024-03-12T15:40:23","date_gmt":"2024-03-12T14:40:23","guid":{"rendered":"https:\/\/ptfon.pl\/?page_id=70"},"modified":"2024-03-13T12:03:39","modified_gmt":"2024-03-13T11:03:39","slug":"publikacje","status":"publish","type":"page","link":"https:\/\/ptfon.pl\/?page_id=70","title":{"rendered":"Publikacje"},"content":{"rendered":"\n<div class=\"wp-block-group alignfull has-accent-background-color has-background has-global-padding is-layout-constrained\" style=\"margin-top:0;margin-bottom:0;padding-top:var(--wp--preset--spacing--50);padding-right:var(--wp--preset--spacing--50);padding-bottom:var(--wp--preset--spacing--50);padding-left:var(--wp--preset--spacing--50)\">\n<div class=\"wp-block-columns alignwide is-layout-flex wp-container-5\">\n<div class=\"wp-block-column is-vertically-aligned-stretch is-layout-flow\" style=\"flex-basis:50%\">\n<div class=\"wp-block-group has-global-padding is-layout-constrained\" style=\"min-height:100%\">\n<p class=\"has-heading-font-family has-x-large-font-size\" style=\"line-height:1.2\">SPEECH AND LANGUAGE TECHNOLOGY<\/p>\n\n\n\n<div class=\"wp-block-group has-global-padding is-content-justification-left is-layout-constrained wp-container-1\">\n<p>Monografia \u201eSpeech and Language Technology\u201d (SLT) (pl. &#8220;Technologia Mowy i J\u0119zyka&#8221;) by\u0142a wydawana przez Polskie Towarzystwo Fonetyczne od prawie 40 lat. Pierwotnie pod tytu\u0142em &#8220;Synteza i analiza mowy&#8221;. Pierwszym redaktorem naczelnym by\u0142 <br>prof. Wiktor Jassem, drugim prof. Gra\u017cyna Demenko.<\/p>\n\n\n\n<p>Pismo ukazuje si\u0119 w wersji drukowanej, a aktualny tom zawsze jest udost\u0119pniany w ca\u0142o\u015bci w wersji elektronicznej. Osoby zainteresowane uzyskaniem dost\u0119pu do nich proszone s\u0105 o kontakt z redakcj\u0105: ptfon@ptfon.pl.<\/p>\n<\/div>\n<\/div>\n<\/div>\n\n\n\n<div class=\"wp-block-column is-vertically-aligned-center is-layout-flow\" style=\"flex-basis:50%\">\n<figure class=\"wp-block-image size-large\"><img decoding=\"async\" loading=\"lazy\" width=\"683\" height=\"1024\" src=\"https:\/\/ptfon.pl\/wp-content\/uploads\/2024\/03\/still-life-stacks-papers-documents-683x1024.jpg\" alt=\"\" class=\"wp-image-72\" srcset=\"https:\/\/ptfon.pl\/wp-content\/uploads\/2024\/03\/still-life-stacks-papers-documents-683x1024.jpg 683w, https:\/\/ptfon.pl\/wp-content\/uploads\/2024\/03\/still-life-stacks-papers-documents-200x300.jpg 200w, https:\/\/ptfon.pl\/wp-content\/uploads\/2024\/03\/still-life-stacks-papers-documents-768x1152.jpg 768w, https:\/\/ptfon.pl\/wp-content\/uploads\/2024\/03\/still-life-stacks-papers-documents-1024x1536.jpg 1024w, https:\/\/ptfon.pl\/wp-content\/uploads\/2024\/03\/still-life-stacks-papers-documents-1365x2048.jpg 1365w, https:\/\/ptfon.pl\/wp-content\/uploads\/2024\/03\/still-life-stacks-papers-documents-scaled.jpg 1707w\" sizes=\"(max-width: 683px) 100vw, 683px\" \/><\/figure>\n<\/div>\n<\/div>\n<\/div>\n\n\n\n<div class=\"wp-block-group alignfull has-base-background-color has-background has-global-padding is-layout-constrained\" style=\"margin-top:0;margin-bottom:0;padding-top:var(--wp--preset--spacing--50);padding-right:var(--wp--preset--spacing--50);padding-bottom:var(--wp--preset--spacing--50);padding-left:var(--wp--preset--spacing--50)\">\n<div class=\"wp-block-columns alignwide is-layout-flex wp-container-9\">\n<div class=\"wp-block-column has-global-padding is-content-justification-left is-layout-constrained wp-container-7\" style=\"flex-basis:40%\">\n<figure class=\"wp-block-image size-large is-resized\"><img decoding=\"async\" loading=\"lazy\" src=\"https:\/\/ptfon.pl\/wp-content\/uploads\/2024\/03\/beautiful-brunette-683x1024.jpg\" alt=\"\" class=\"wp-image-82\" width=\"360\" height=\"538\"\/><\/figure>\n<\/div>\n\n\n\n<div class=\"wp-block-column is-layout-flow wp-container-8\" style=\"flex-basis:60%\">\n<p class=\"has-heading-font-family has-x-large-font-size\" style=\"line-height:1.2\"><strong>Zakres tematyczny<\/strong><\/p>\n\n\n\n<p>Prace publikowane w roczniku poruszaj\u0105 zagadnienia z nast\u0119puj\u0105cych dziedzin:<\/p>\n\n\n\n<ul>\n<li>technologii i przetwarzania mowy i j\u0119zyka (w\u0142\u0105czaj\u0105c syntez\u0119 i rozpoznawanie mowy),<\/li>\n\n\n\n<li>szeroko poj\u0119tej lingwistyki,<\/li>\n\n\n\n<li>fonetyki, produkcji, percepcji i akustyki mowy,<\/li>\n\n\n\n<li>prozodii,<\/li>\n\n\n\n<li>nauczania j\u0119zyk\u00f3w obcych (szczeg\u00f3lnie w odniesieniu do wymowy i prozodii),<\/li>\n\n\n\n<li>fonetyki w zastosowaniach medycznych oraz<\/li>\n\n\n\n<li>zasob\u00f3w j\u0119zykowych (w odniesieniu do tworzenia i anotacji korpus\u00f3w, leksykon\u00f3w).<\/li>\n<\/ul>\n<\/div>\n<\/div>\n<\/div>\n\n\n\n<div class=\"wp-block-group alignfull has-accent-5-background-color has-background has-global-padding is-layout-constrained\" style=\"margin-top:0;margin-bottom:0;padding-top:var(--wp--preset--spacing--50);padding-right:var(--wp--preset--spacing--50);padding-bottom:var(--wp--preset--spacing--50);padding-left:var(--wp--preset--spacing--50)\">\n<div class=\"wp-block-columns alignwide is-layout-flex wp-container-15\">\n<div class=\"wp-block-column is-vertically-aligned-center is-layout-flow\" style=\"flex-basis:60%\">\n<figure class=\"wp-duotone-varpresetduotoneduotone-1-11 wp-block-image size-full is-style-rounded\">\n\t\t\t\t<img decoding=\"async\" src=\"https:\/\/ptfon.pl\/wp-content\/themes\/twentytwentyfour\/assets\/images\/abstract-geometric-art.webp\" alt=\"White abstract geometric artwork from Dresden, Germany\" style=\"aspect-ratio:4\/3;object-fit:cover\" \/>\n\t\t\t<\/figure>\n<\/div>\n\n\n\n<div class=\"wp-block-column is-layout-flow\" style=\"flex-basis:40%\">\n<h2 class=\"wp-block-heading\">Wydania<\/h2>\n\n\n\n<p><strong>Aktualny tom i poprzednie wydania:<\/strong><\/p>\n\n\n\n<p>Osoby zainteresowane dost\u0119pem do artyku\u0142\u00f3w z poprzednich wyda\u0144 proszone s\u0105 o kontakt z redakcj\u0105 (e-mail:&nbsp;<a href=\"mailto:ptfon@ptfon.pl\">ptfon@ptfon.pl<\/a>).<\/p>\n\n\n\n<p>Aby przejrze\u0107 zawarto\u015b\u0107 wybranego&nbsp;rocznika&nbsp;nale\u017cy wybra\u0107 link z listy poni\u017cej:<\/p>\n\n\n\n<ul>\n<li>vol. 14\/15 (2011\/2012),&nbsp;wydanie bie\u017c\u0105ce<\/li>\n\n\n\n<li>vol. 14\/15 (2011\/2012), wydanie specjalne, jubileuszowe<\/li>\n\n\n\n<li>vol. 12\/13 (2009\/2010)<\/li>\n\n\n\n<li>vol. 11 (2008)<\/li>\n\n\n\n<li>vol. 9\/10 (2006\/2007)<\/li>\n<\/ul>\n\n\n\n<p>Informacje o zawarto\u015bci tom\u00f3w 7 i 8 oraz wybrane artyku\u0142y udost\u0119pniamy na \u017cyczenie os\u00f3b zainteresowanych.<\/p>\n\n\n\n<p>Aby pobra\u0107 najnowszy tom SLT vol. 14\/15 kliknij tutaj.<\/p>\n\n\n\n<div class=\"wp-block-buttons is-layout-flex\">\n<div class=\"wp-block-button\"><a class=\"wp-block-button__link wp-element-button\">Pobierz<\/a><\/div>\n<\/div>\n<\/div>\n<\/div>\n<\/div>\n\n\n\n<div class=\"wp-block-group alignfull has-global-padding is-layout-constrained\" style=\"margin-top:0;margin-bottom:0;padding-top:var(--wp--preset--spacing--50);padding-right:var(--wp--preset--spacing--50);padding-bottom:var(--wp--preset--spacing--50);padding-left:var(--wp--preset--spacing--50)\">\n<div class=\"wp-block-group is-vertical is-content-justification-center is-layout-flex wp-container-17\">\n<h2 class=\"wp-block-heading has-text-align-center has-xx-large-font-size\">Komitet naukowy wydania z 2012r.:<\/h2>\n\n\n\n<p><\/p>\n<\/div>\n\n\n\n<div class=\"wp-block-columns alignwide is-layout-flex wp-container-26\" style=\"padding-right:0;padding-left:0\">\n<div class=\"wp-block-column is-layout-flow\">\n<figure class=\"wp-block-image size-full is-style-rounded\">\n\t\t\t\t<img alt=\"\" style=\"aspect-ratio:1;object-fit:cover\" \/>\n\t\t\t<\/figure>\n\n\n\n<div class=\"wp-block-group is-vertical is-content-justification-center is-nowrap is-layout-flex wp-container-18\">\n<p class=\"has-text-align-center has-small-font-size\"><strong>Prof. dr hab. in\u017c.<\/strong> <br><strong>Gra\u017cyna Demenko<\/strong><\/p>\n\n\n\n<p class=\"has-text-align-center has-small-font-size\">Uniwersytet im. A. Mickiewicza w Poznaniu<\/p>\n<\/div>\n<\/div>\n\n\n\n<div class=\"wp-block-column is-layout-flow\">\n<figure class=\"wp-block-image size-full is-style-rounded\">\n\t\t\t\t<img alt=\"\" style=\"aspect-ratio:1;object-fit:cover\" \/>\n\t\t\t<\/figure>\n\n\n\n<div class=\"wp-block-group is-vertical is-content-justification-center is-nowrap is-layout-flex wp-container-20\">\n<p class=\"has-text-align-center has-small-font-size\"> <strong>Prof. dr Dafydd Gibbon <\/strong><\/p>\n\n\n\n<p class=\"has-text-align-center has-small-font-size\">Uniwersytet w Bielefeld<\/p>\n<\/div>\n<\/div>\n\n\n\n<div class=\"wp-block-column is-layout-flow\">\n<figure class=\"wp-block-image size-full is-style-rounded\">\n\t\t\t\t<img alt=\"\" style=\"aspect-ratio:1;object-fit:cover\" \/>\n\t\t\t<\/figure>\n\n\n\n<div class=\"wp-block-group is-vertical is-content-justification-center is-nowrap is-layout-flex wp-container-22\">\n<p class=\"has-text-align-center has-small-font-size\">  <strong>Prof. dr Hirose Keikichi <\/strong><\/p>\n\n\n\n<p class=\"has-text-align-center has-small-font-size\">Uniwersytet Tokijski<\/p>\n<\/div>\n<\/div>\n\n\n\n<div class=\"wp-block-column is-layout-flow\">\n<figure class=\"wp-block-image size-full is-style-rounded\">\n\t\t\t\t<img alt=\"\" style=\"aspect-ratio:1;object-fit:cover\" \/>\n\t\t\t<\/figure>\n\n\n\n<div class=\"wp-block-group is-vertical is-content-justification-center is-nowrap is-layout-flex wp-container-24\">\n<p class=\"has-text-align-center has-small-font-size\"> <strong>Prof. dr hab. in\u017c.<\/strong> <br><strong>Ryszard Tadeusiewicz <\/strong><\/p>\n\n\n\n<p class=\"has-text-align-center has-small-font-size\">Akademia G\u00f3rniczo-Hutnicza w Krakowie<\/p>\n<\/div>\n<\/div>\n<\/div>\n\n\n\n<p class=\"has-text-align-center\">Redaktor j\u0119zykowy: <strong>dr Agnieszka Wagner<\/strong><br>Redaktor techniczny: <strong>mgr Mariusz Owsianny<\/strong><\/p>\n<\/div>\n","protected":false},"excerpt":{"rendered":"<p>SPEECH AND LANGUAGE TECHNOLOGY Monografia \u201eSpeech and Language Technology\u201d (SLT) (pl. &#8220;Technologia Mowy i J\u0119zyka&#8221;) by\u0142a wydawana przez Polskie Towarzystwo Fonetyczne od prawie 40 lat. Pierwotnie pod tytu\u0142em &#8220;Synteza i analiza mowy&#8221;. Pierwszym redaktorem naczelnym by\u0142 prof. Wiktor Jassem, drugim prof. Gra\u017cyna Demenko. Pismo ukazuje si\u0119 w wersji drukowanej, a aktualny tom zawsze jest udost\u0119pniany [&hellip;]<\/p>\n","protected":false},"author":1,"featured_media":0,"parent":0,"menu_order":0,"comment_status":"closed","ping_status":"closed","template":"","meta":{"_eb_attr":""},"_links":{"self":[{"href":"https:\/\/ptfon.pl\/index.php?rest_route=\/wp\/v2\/pages\/70"}],"collection":[{"href":"https:\/\/ptfon.pl\/index.php?rest_route=\/wp\/v2\/pages"}],"about":[{"href":"https:\/\/ptfon.pl\/index.php?rest_route=\/wp\/v2\/types\/page"}],"author":[{"embeddable":true,"href":"https:\/\/ptfon.pl\/index.php?rest_route=\/wp\/v2\/users\/1"}],"replies":[{"embeddable":true,"href":"https:\/\/ptfon.pl\/index.php?rest_route=%2Fwp%2Fv2%2Fcomments&post=70"}],"version-history":[{"count":11,"href":"https:\/\/ptfon.pl\/index.php?rest_route=\/wp\/v2\/pages\/70\/revisions"}],"predecessor-version":[{"id":87,"href":"https:\/\/ptfon.pl\/index.php?rest_route=\/wp\/v2\/pages\/70\/revisions\/87"}],"wp:attachment":[{"href":"https:\/\/ptfon.pl\/index.php?rest_route=%2Fwp%2Fv2%2Fmedia&parent=70"}],"curies":[{"name":"wp","href":"https:\/\/api.w.org\/{rel}","templated":true}]}}